{"id":14751,"date":"2023-11-29T20:30:30","date_gmt":"2023-11-29T20:30:30","guid":{"rendered":"https:\/\/esg.oma.aero\/?page_id=14751"},"modified":"2025-11-10T13:49:45","modified_gmt":"2025-11-10T13:49:45","slug":"compromiso","status":"publish","type":"page","link":"https:\/\/esg.oma.aero\/es\/","title":{"rendered":"Compromiso"},"content":{"rendered":"\t\t<div data-elementor-type=\"wp-page\" data-elementor-id=\"14751\" class=\"elementor elementor-14751\" data-elementor-post-type=\"page\">\n\t\t\t\t\t\t<section class=\"elementor-section elementor-top-section elementor-element elementor-element-1788174 elementor-section-full_width elementor-section-height-min-height elementor-section-items-stretch elementor-section-content-middle elementor-section-height-default\" data-id=\"1788174\" data-element_type=\"section\" data-e-type=\"section\" data-settings=\"{&quot;background_background&quot;:&quot;classic&quot;}\">\n\t\t\t\t\t\t\t<div class=\"elementor-background-overlay\"><\/div>\n\t\t\t\t\t\t\t<div class=\"elementor-container elementor-column-gap-no\">\n\t\t\t\t\t<div class=\"elementor-column elementor-col-100 elementor-top-column elementor-element elementor-element-91c796d\" data-id=\"91c796d\" data-element_type=\"column\" data-e-type=\"column\">\n\t\t\t<div class=\"elementor-widget-wrap\">\n\t\t\t\t\t\t\t<\/div>\n\t\t<\/div>\n\t\t\t\t\t<\/div>\n\t\t<\/section>\n\t\t\t\t<section class=\"elementor-section elementor-top-section elementor-element elementor-element-6c88090 elementor-section-content-top elementor-section-boxed elementor-section-height-default elementor-section-height-default\" data-id=\"6c88090\" data-element_type=\"section\" data-e-type=\"section\">\n\t\t\t\t\t\t<div class=\"elementor-container elementor-column-gap-default\">\n\t\t\t\t\t<div class=\"elementor-column elementor-col-100 elementor-top-column elementor-element elementor-element-c6b9aa9\" data-id=\"c6b9aa9\" data-element_type=\"column\" data-e-type=\"column\">\n\t\t\t<div class=\"elementor-widget-wrap elementor-element-populated\">\n\t\t\t\t\t\t<section class=\"elementor-section elementor-inner-section elementor-element elementor-element-34b52f3 elementor-section-boxed elementor-section-height-default elementor-section-height-default\" data-id=\"34b52f3\" data-element_type=\"section\" data-e-type=\"section\">\n\t\t\t\t\t\t<div class=\"elementor-container elementor-column-gap-no\">\n\t\t\t\t\t<div class=\"elementor-column elementor-col-100 elementor-inner-column elementor-element elementor-element-0e5036a\" data-id=\"0e5036a\" data-element_type=\"column\" data-e-type=\"column\">\n\t\t\t<div class=\"elementor-widget-wrap elementor-element-populated\">\n\t\t\t\t\t\t<div class=\"elementor-element elementor-element-f6c07e5 elementor-widget elementor-widget-heading\" data-id=\"f6c07e5\" data-element_type=\"widget\" data-e-type=\"widget\" data-widget_type=\"heading.default\">\n\t\t\t\t<div class=\"elementor-widget-container\">\n\t\t\t\t\t<h1 class=\"elementor-heading-title elementor-size-default\">Compromiso<\/h1>\t\t\t\t<\/div>\n\t\t\t\t<\/div>\n\t\t\t\t<div class=\"elementor-element elementor-element-503b25f elementor-widget elementor-widget-text-editor\" data-id=\"503b25f\" data-element_type=\"widget\" data-e-type=\"widget\" data-widget_type=\"text-editor.default\">\n\t\t\t\t<div class=\"elementor-widget-container\">\n\t\t\t\t\t\t\t\t\t<p class=\"p1\"><span class=\"TextRun SCXW30355335 BCX0\" lang=\"ES-ES\" xml:lang=\"ES-ES\" data-contrast=\"auto\"><span class=\"NormalTextRun SCXW30355335 BCX0\">Los compromisos<\/span><\/span><span class=\"TrackChangeTextDeletionMarker TrackedChange SCXW30355335 BCX0\"><span class=\"TextRun SCXW30355335 BCX0\" lang=\"ES-ES\" xml:lang=\"ES-ES\" data-contrast=\"auto\"><span class=\"NormalTextRun TrackChangeTextDeletion SCXW30355335 BCX0\">\u00a0<\/span><\/span><\/span><span class=\"TrackChangeTextInsertion TrackedChange SCXW30355335 BCX0\"><span class=\"TextRun SCXW30355335 BCX0\" lang=\"ES-ES\" xml:lang=\"ES-ES\" data-contrast=\"auto\"><span class=\"NormalTextRun SCXW30355335 BCX0\">de sostenibilidad <\/span><\/span><\/span><span class=\"TextRun SCXW30355335 BCX0\" lang=\"ES-ES\" xml:lang=\"ES-ES\" data-contrast=\"auto\"><span class=\"NormalTextRun SCXW30355335 BCX0\">de OMA est\u00e1n contenidos tanto en la Pol\u00edtica como en la Estrategia de Sostenibilidad. Dentro de estos lineamientos se han definido los principios b\u00e1sicos de nuestro actuar: gobierno corporativo, gesti\u00f3n social y medio ambiente (energ\u00eda, aire, agua, contaminaci\u00f3n, uso del suelo y gesti\u00f3n de la biodiversidad).<\/span><\/span><span class=\"EOP SCXW30355335 BCX0\" data-ccp-props=\"{&quot;201341983&quot;:0,&quot;335559739&quot;:160,&quot;335559740&quot;:259}\">\u00a0<\/span><\/p>\t\t\t\t\t\t\t\t<\/div>\n\t\t\t\t<\/div>\n\t\t\t\t\t<\/div>\n\t\t<\/div>\n\t\t\t\t\t<\/div>\n\t\t<\/section>\n\t\t\t\t<section class=\"elementor-section elementor-inner-section elementor-element elementor-element-68cf4d5 elementor-section-boxed elementor-section-height-default elementor-section-height-default\" data-id=\"68cf4d5\" data-element_type=\"section\" data-e-type=\"section\">\n\t\t\t\t\t\t<div class=\"elementor-container elementor-column-gap-no\">\n\t\t\t\t\t<div class=\"elementor-column elementor-col-100 elementor-inner-column elementor-element elementor-element-4a6fbe7\" data-id=\"4a6fbe7\" data-element_type=\"column\" data-e-type=\"column\">\n\t\t\t<div class=\"elementor-widget-wrap elementor-element-populated\">\n\t\t\t\t\t\t<div class=\"elementor-element elementor-element-05514a4 elementor-widget elementor-widget-heading\" data-id=\"05514a4\" data-element_type=\"widget\" data-e-type=\"widget\" data-widget_type=\"heading.default\">\n\t\t\t\t<div class=\"elementor-widget-container\">\n\t\t\t\t\t<h2 class=\"elementor-heading-title elementor-size-default\">Nuestros pilares de sostenibilidad<\/h2>\t\t\t\t<\/div>\n\t\t\t\t<\/div>\n\t\t\t\t<div class=\"elementor-element elementor-element-1ca23ca elementor-widget elementor-widget-text-editor\" data-id=\"1ca23ca\" data-element_type=\"widget\" data-e-type=\"widget\" data-widget_type=\"text-editor.default\">\n\t\t\t\t<div class=\"elementor-widget-container\">\n\t\t\t\t\t\t\t\t\t<p class=\"p1\"><span class=\"TextRun SCXW77261231 BCX0\" lang=\"ES-ES\" xml:lang=\"ES-ES\" data-contrast=\"auto\"><span class=\"NormalTextRun SCXW77261231 BCX0\">Contamos con una Pol\u00edtica y una Estrategia de Sostenibilidad en donde se encuentran definidos compromisos de OMA para el desempe\u00f1o presente y futuro de la organizaci\u00f3n en materia de ESG<\/span><span class=\"NormalTextRun SCXW77261231 BCX0\">.<\/span><\/span><span class=\"EOP SCXW77261231 BCX0\" data-ccp-props=\"{&quot;201341983&quot;:0,&quot;335559739&quot;:160,&quot;335559740&quot;:259}\">\u00a0<\/span><\/p>\t\t\t\t\t\t\t\t<\/div>\n\t\t\t\t<\/div>\n\t\t\t\t\t<\/div>\n\t\t<\/div>\n\t\t\t\t\t<\/div>\n\t\t<\/section>\n\t\t\t\t<div class=\"elementor-element elementor-element-7526cee elementor-widget elementor-widget-image\" data-id=\"7526cee\" data-element_type=\"widget\" data-e-type=\"widget\" data-widget_type=\"image.default\">\n\t\t\t\t<div class=\"elementor-widget-container\">\n\t\t\t\t\t\t\t\t\t\t\t\t\t\t\t<img decoding=\"async\" src=\"https:\/\/esg.oma.aero\/wp-content\/uploads\/2025\/11\/Esquema_pilares_de_sostenibilidad-3.svg\" title=\"Esquema_pilares_de_sostenibilidad\" alt=\"Esquema_pilares_de_sostenibilidad\" loading=\"lazy\" \/>\t\t\t\t\t\t\t\t\t\t\t\t\t\t\t<\/div>\n\t\t\t\t<\/div>\n\t\t\t\t<div class=\"elementor-element elementor-element-b1ccf8c elementor-widget elementor-widget-heading\" data-id=\"b1ccf8c\" data-element_type=\"widget\" data-e-type=\"widget\" data-widget_type=\"heading.default\">\n\t\t\t\t<div class=\"elementor-widget-container\">\n\t\t\t\t\t<h1 class=\"elementor-heading-title elementor-size-default\">Compromisos de la pol\u00edtica de sostenibilidad<\/h1>\t\t\t\t<\/div>\n\t\t\t\t<\/div>\n\t\t\t\t<section class=\"elementor-section elementor-inner-section elementor-element elementor-element-b731250 elementor-section-boxed elementor-section-height-default elementor-section-height-default\" data-id=\"b731250\" data-element_type=\"section\" data-e-type=\"section\">\n\t\t\t\t\t\t<div class=\"elementor-container elementor-column-gap-no\">\n\t\t\t\t\t<div class=\"elementor-column elementor-col-100 elementor-inner-column elementor-element elementor-element-7cd4f5c\" data-id=\"7cd4f5c\" data-element_type=\"column\" data-e-type=\"column\">\n\t\t\t<div class=\"elementor-widget-wrap elementor-element-populated\">\n\t\t\t\t\t\t<div class=\"elementor-element elementor-element-28bc1c7 elementor-hidden-desktop elementor-hidden-tablet elementor-hidden-mobile elementor-widget elementor-widget-heading\" data-id=\"28bc1c7\" data-element_type=\"widget\" data-e-type=\"widget\" data-widget_type=\"heading.default\">\n\t\t\t\t<div class=\"elementor-widget-container\">\n\t\t\t\t\t<h2 class=\"elementor-heading-title elementor-size-default\">Gobierno corporativo<\/h2>\t\t\t\t<\/div>\n\t\t\t\t<\/div>\n\t\t\t\t<div class=\"elementor-element elementor-element-8a52c7e elementor-hidden-desktop elementor-hidden-tablet elementor-hidden-mobile elementor-widget elementor-widget-text-editor\" data-id=\"8a52c7e\" data-element_type=\"widget\" data-e-type=\"widget\" data-widget_type=\"text-editor.default\">\n\t\t\t\t<div class=\"elementor-widget-container\">\n\t\t\t\t\t\t\t\t\t<p><span data-contrast=\"auto\">Establecer un desempe\u00f1o econ\u00f3mico, corporativo, ambiental y social en l\u00ednea con el C\u00f3digo de \u00c9tica de OMA, la adopci\u00f3n de las mejores pr\u00e1cticas y el cumplimiento de los est\u00e1ndares nacionales e internacionales aplicables.\u00a0<\/span><\/p><p><span data-contrast=\"auto\">Controlar eficientemente los riesgos de los que la empresa es directamente responsable. <\/span><\/p><p>Promover una cultura contra la corrupci\u00f3n.<\/p><p><span data-contrast=\"auto\">Ser responsable ante nuestros grupos de inter\u00e9s de forma peri\u00f3dica y transparente.<\/span><span data-ccp-props=\"{&quot;201341983&quot;:0,&quot;335559739&quot;:160,&quot;335559740&quot;:259}\">\u00a0<\/span><\/p>\t\t\t\t\t\t\t\t<\/div>\n\t\t\t\t<\/div>\n\t\t\t\t<div class=\"elementor-element elementor-element-c91d63b elementor-widget elementor-widget-toggle\" data-id=\"c91d63b\" data-element_type=\"widget\" data-e-type=\"widget\" data-widget_type=\"toggle.default\">\n\t\t\t\t<div class=\"elementor-widget-container\">\n\t\t\t\t\t\t\t<div class=\"elementor-toggle\">\n\t\t\t\t\t\t\t<div class=\"elementor-toggle-item\">\n\t\t\t\t\t<div id=\"elementor-tab-title-2101\" class=\"elementor-tab-title\" data-tab=\"1\" role=\"button\" aria-controls=\"elementor-tab-content-2101\" aria-expanded=\"false\">\n\t\t\t\t\t\t\t\t\t\t\t\t<span class=\"elementor-toggle-icon elementor-toggle-icon-right\" aria-hidden=\"true\">\n\t\t\t\t\t\t\t\t\t\t\t\t\t\t\t<span class=\"elementor-toggle-icon-closed\"><i class=\"fas fa-plus\"><\/i><\/span>\n\t\t\t\t\t\t\t\t<span class=\"elementor-toggle-icon-opened\"><i class=\"elementor-toggle-icon-opened fas fa-minus\"><\/i><\/span>\n\t\t\t\t\t\t\t\t\t\t\t\t\t<\/span>\n\t\t\t\t\t\t\t\t\t\t\t\t<a class=\"elementor-toggle-title\" tabindex=\"0\">GOBIERNO CORPORATIVO<\/a>\n\t\t\t\t\t<\/div>\n\n\t\t\t\t\t<div id=\"elementor-tab-content-2101\" class=\"elementor-tab-content elementor-clearfix\" data-tab=\"1\" role=\"region\" aria-labelledby=\"elementor-tab-title-2101\"><ul><li><span data-contrast=\"auto\">Establecer un desempe\u00f1o econ\u00f3mico, corporativo, ambiental y social en l\u00ednea con el C\u00f3digo de \u00c9tica de OMA, la adopci\u00f3n de las mejores pr\u00e1cticas y el cumplimiento de los est\u00e1ndares nacionales e internacionales aplicables.\u00a0<\/span><\/li><li>Controlar eficientemente los riesgos de los que la empresa es directamente responsable.<\/li><li><span data-contrast=\"auto\">Promover una cultura contra la corrupci\u00f3n. <\/span><\/li><li><span data-contrast=\"auto\">Ser responsable ante nuestros grupos de inter\u00e9s de forma peri\u00f3dica y transparente.<\/span><span data-ccp-props=\"{&quot;201341983&quot;:0,&quot;335559739&quot;:160,&quot;335559740&quot;:259}\">\u00a0<\/span><\/li><\/ul><\/div>\n\t\t\t\t<\/div>\n\t\t\t\t\t\t\t<div class=\"elementor-toggle-item\">\n\t\t\t\t\t<div id=\"elementor-tab-title-2102\" class=\"elementor-tab-title\" data-tab=\"2\" role=\"button\" aria-controls=\"elementor-tab-content-2102\" aria-expanded=\"false\">\n\t\t\t\t\t\t\t\t\t\t\t\t<span class=\"elementor-toggle-icon elementor-toggle-icon-right\" aria-hidden=\"true\">\n\t\t\t\t\t\t\t\t\t\t\t\t\t\t\t<span class=\"elementor-toggle-icon-closed\"><i class=\"fas fa-plus\"><\/i><\/span>\n\t\t\t\t\t\t\t\t<span class=\"elementor-toggle-icon-opened\"><i class=\"elementor-toggle-icon-opened fas fa-minus\"><\/i><\/span>\n\t\t\t\t\t\t\t\t\t\t\t\t\t<\/span>\n\t\t\t\t\t\t\t\t\t\t\t\t<a class=\"elementor-toggle-title\" tabindex=\"0\">SOCIAL<\/a>\n\t\t\t\t\t<\/div>\n\n\t\t\t\t\t<div id=\"elementor-tab-content-2102\" class=\"elementor-tab-content elementor-clearfix\" data-tab=\"2\" role=\"region\" aria-labelledby=\"elementor-tab-title-2102\"><ul><li><span data-contrast=\"auto\">Respetar los derechos humanos fundamentales reconocidos universalmente.<\/span><span data-ccp-props=\"{&quot;201341983&quot;:0,&quot;335559739&quot;:160,&quot;335559740&quot;:259}\">\u00a0<\/span><\/li><li><span data-contrast=\"auto\">Operar en un marco de Responsabilidad Social.\u00a0<\/span><span data-ccp-props=\"{&quot;201341983&quot;:0,&quot;335559739&quot;:160,&quot;335559740&quot;:259}\">\u00a0<\/span><\/li><li><span data-contrast=\"auto\">Colaborar en el equilibrio social entre nuestros grupos de inter\u00e9s (Stakeholders).<\/span><span data-ccp-props=\"{&quot;201341983&quot;:0,&quot;335559739&quot;:160,&quot;335559740&quot;:259}\">\u00a0<\/span><\/li><li><span data-contrast=\"auto\">Respetar la diversidad y promover la igualdad de oportunidades.<\/span><span data-ccp-props=\"{&quot;201341983&quot;:0,&quot;335559739&quot;:160,&quot;335559740&quot;:259}\">\u00a0<\/span><\/li><li><span data-contrast=\"auto\">Promover la inclusi\u00f3n laboral de personas con discapacidad.<\/span><span data-ccp-props=\"{&quot;201341983&quot;:0,&quot;335559739&quot;:160,&quot;335559740&quot;:259}\">\u00a0<\/span><\/li><li><span data-contrast=\"auto\">Promover un clima laboral que contribuya a mejorar la calidad de vida de los empleados.<\/span><span data-ccp-props=\"{&quot;201341983&quot;:0,&quot;335559739&quot;:160,&quot;335559740&quot;:259}\">\u00a0<\/span><\/li><li><span data-contrast=\"auto\">Establecer objetivos de prevenci\u00f3n de riesgos laborales que nos permitan alcanzar la meta de cero accidentes de trabajo y cero enfermedades profesionales.<\/span><span data-ccp-props=\"{&quot;201341983&quot;:0,&quot;335559739&quot;:160,&quot;335559740&quot;:259}\">\u00a0<\/span><\/li><li><span data-contrast=\"auto\">Estimular la eficacia individual y colectiva motivando y desarrollando las habilidades de los empleados.<\/span><span data-ccp-props=\"{&quot;201341983&quot;:0,&quot;335559739&quot;:160,&quot;335559740&quot;:259}\">\u00a0<\/span><\/li><li><span data-contrast=\"auto\">Capacitar a nuestros empleados en los principios de Calidad, Salud y Seguridad, Medio Ambiente y Responsabilidad Social, para enfrentar los desaf\u00edos de nuestro negocio y nuestra comunidad.<\/span><span data-ccp-props=\"{&quot;201341983&quot;:0,&quot;335559739&quot;:160,&quot;335559740&quot;:259}\">\u00a0<\/span><\/li><\/ul><\/div>\n\t\t\t\t<\/div>\n\t\t\t\t\t\t\t<div class=\"elementor-toggle-item\">\n\t\t\t\t\t<div id=\"elementor-tab-title-2103\" class=\"elementor-tab-title\" data-tab=\"3\" role=\"button\" aria-controls=\"elementor-tab-content-2103\" aria-expanded=\"false\">\n\t\t\t\t\t\t\t\t\t\t\t\t<span class=\"elementor-toggle-icon elementor-toggle-icon-right\" aria-hidden=\"true\">\n\t\t\t\t\t\t\t\t\t\t\t\t\t\t\t<span class=\"elementor-toggle-icon-closed\"><i class=\"fas fa-plus\"><\/i><\/span>\n\t\t\t\t\t\t\t\t<span class=\"elementor-toggle-icon-opened\"><i class=\"elementor-toggle-icon-opened fas fa-minus\"><\/i><\/span>\n\t\t\t\t\t\t\t\t\t\t\t\t\t<\/span>\n\t\t\t\t\t\t\t\t\t\t\t\t<a class=\"elementor-toggle-title\" tabindex=\"0\">MEDIO AMBIENTAL<\/a>\n\t\t\t\t\t<\/div>\n\n\t\t\t\t\t<div id=\"elementor-tab-content-2103\" class=\"elementor-tab-content elementor-clearfix\" data-tab=\"3\" role=\"region\" aria-labelledby=\"elementor-tab-title-2103\"><ul><li><span data-contrast=\"auto\">Integrar sistem\u00e1ticamente un enfoque preventivo que favorezca el cuidado del medio ambiente en todas nuestras actividades.<\/span><span data-ccp-props=\"{&quot;201341983&quot;:0,&quot;335559739&quot;:160,&quot;335559740&quot;:259}\">\u00a0<\/span><\/li><li><span data-contrast=\"auto\">Promover valores y difundir las mejores pr\u00e1cticas ambientales a los grupos de inter\u00e9s.<\/span><span data-ccp-props=\"{&quot;201341983&quot;:0,&quot;335559739&quot;:160,&quot;335559740&quot;:259}\">\u00a0<\/span><\/li><li><span data-contrast=\"auto\">Establecer objetivos para prevenir la contaminaci\u00f3n del medio ambiente.<\/span><span data-ccp-props=\"{&quot;201341983&quot;:0,&quot;335559739&quot;:160,&quot;335559740&quot;:259}\">\u00a0<\/span><\/li><li><span data-contrast=\"auto\">Favorecer la reutilizaci\u00f3n, recuperaci\u00f3n y reciclaje de materiales.<\/span><span data-ccp-props=\"{&quot;201341983&quot;:0,&quot;335559739&quot;:160,&quot;335559740&quot;:259}\">\u00a0<\/span><\/li><li><span data-contrast=\"auto\">Mitigar el impacto ambiental de nuestras operaciones en t\u00e9rminos de agua, aire, suelo, biodiversidad, ruido, residuos y energ\u00eda.<\/span><span data-ccp-props=\"{&quot;201341983&quot;:0,&quot;335559739&quot;:160,&quot;335559740&quot;:259}\">\u00a0<\/span><\/li><li><span data-contrast=\"auto\">Mitigar los impactos sobre la biodiversidad derivados de nuestras operaciones.<\/span><span data-ccp-props=\"{&quot;201341983&quot;:0,&quot;335559739&quot;:160,&quot;335559740&quot;:259}\">\u00a0<\/span><\/li><li><span data-contrast=\"auto\">Informar a los empleados sobre la importancia y beneficios de la protecci\u00f3n y conservaci\u00f3n de la biodiversidad en aeropuertos y \u00e1reas de influencia.\u00a0<\/span><span data-ccp-props=\"{&quot;201341983&quot;:0,&quot;335559739&quot;:160,&quot;335559740&quot;:259}\">\u00a0<\/span><\/li><li><span data-contrast=\"auto\">Identificar especies de flora y fauna presentes en los aeropuertos para establecer prioridades de conservaci\u00f3n.<\/span><span data-ccp-props=\"{&quot;201341983&quot;:0,&quot;335559739&quot;:160,&quot;335559740&quot;:259}\">\u00a0<\/span><\/li><li><span data-contrast=\"auto\">Colaborar con organismos externos y agencias gubernamentales para la protecci\u00f3n y recuperaci\u00f3n de \u00e1reas de importancia ecol\u00f3gica dentro y fuera de nuestras instalaciones.<\/span><span data-ccp-props=\"{&quot;201341983&quot;:0,&quot;335559739&quot;:160,&quot;335559740&quot;:259}\">\u00a0<\/span><\/li><\/ul><\/div>\n\t\t\t\t<\/div>\n\t\t\t\t\t\t\t\t<\/div>\n\t\t\t\t\t\t<\/div>\n\t\t\t\t<\/div>\n\t\t\t\t\t<\/div>\n\t\t<\/div>\n\t\t\t\t\t<\/div>\n\t\t<\/section>\n\t\t\t\t<section class=\"elementor-section elementor-inner-section elementor-element elementor-element-ec714d9 elementor-section-boxed elementor-section-height-default elementor-section-height-default\" data-id=\"ec714d9\" data-element_type=\"section\" data-e-type=\"section\">\n\t\t\t\t\t\t<div class=\"elementor-container elementor-column-gap-no\">\n\t\t\t\t\t<div class=\"elementor-column elementor-col-50 elementor-inner-column elementor-element elementor-element-6763519\" data-id=\"6763519\" data-element_type=\"column\" data-e-type=\"column\">\n\t\t\t<div class=\"elementor-widget-wrap elementor-element-populated\">\n\t\t\t\t\t\t<div class=\"elementor-element elementor-element-2e14208 elementor-widget elementor-widget-heading\" data-id=\"2e14208\" data-element_type=\"widget\" data-e-type=\"widget\" data-widget_type=\"heading.default\">\n\t\t\t\t<div class=\"elementor-widget-container\">\n\t\t\t\t\t<h1 class=\"elementor-heading-title elementor-size-default\">COMPROMISO DE OMA CON LOS OBJETIVOS\nDE DESARROLLO SOSTENIBLE<\/h1>\t\t\t\t<\/div>\n\t\t\t\t<\/div>\n\t\t\t\t<div class=\"elementor-element elementor-element-7924d33 elementor-widget elementor-widget-text-editor\" data-id=\"7924d33\" data-element_type=\"widget\" data-e-type=\"widget\" data-widget_type=\"text-editor.default\">\n\t\t\t\t<div class=\"elementor-widget-container\">\n\t\t\t\t\t\t\t\t\t<div><span lang=\"ES-MX\">OMA reconoce la relevancia e impacto que tiene orientar sus compromisos y metas en Sostenibilidad a los Objetivos de Desarrollo Sostenible (ODS). Como hoja de ruta para un mejor futuro, la Compa\u00f1\u00eda ha establecido una estrategia que establece aportaciones para contribuir con la Agenda 2030. Durante 2023, alineamos nuestra visi\u00f3n de Sostenibilidad a la de VINCI y definimos compromisos en asuntos sociales como los Derechos Humanos, la diversidad y la inclusi\u00f3n y otros en materia ambiental como la eficiencia energ\u00e9tica y meta de Net Zero para el 2050.<\/span><\/div>\t\t\t\t\t\t\t\t<\/div>\n\t\t\t\t<\/div>\n\t\t\t\t\t<\/div>\n\t\t<\/div>\n\t\t\t\t<div class=\"elementor-column elementor-col-50 elementor-inner-column elementor-element elementor-element-1532c17\" data-id=\"1532c17\" data-element_type=\"column\" data-e-type=\"column\">\n\t\t\t<div class=\"elementor-widget-wrap elementor-element-populated\">\n\t\t\t\t\t\t<div class=\"elementor-element elementor-element-b03bfcf elementor-widget__width-initial elementor-widget elementor-widget-image\" data-id=\"b03bfcf\" data-element_type=\"widget\" data-e-type=\"widget\" data-widget_type=\"image.default\">\n\t\t\t\t<div class=\"elementor-widget-container\">\n\t\t\t\t\t\t\t\t\t\t\t\t\t\t\t<img fetchpriority=\"high\" decoding=\"async\" width=\"674\" height=\"412\" src=\"https:\/\/esg.oma.aero\/wp-content\/uploads\/2023\/12\/Esquema_ODS.svg\" class=\"attachment-full size-full wp-image-15102\" alt=\"\" \/>\t\t\t\t\t\t\t\t\t\t\t\t\t\t\t<\/div>\n\t\t\t\t<\/div>\n\t\t\t\t\t<\/div>\n\t\t<\/div>\n\t\t\t\t\t<\/div>\n\t\t<\/section>\n\t\t\t\t<section class=\"elementor-section elementor-inner-section elementor-element elementor-element-d8c9770 elementor-hidden-desktop elementor-hidden-tablet elementor-hidden-mobile elementor-section-boxed elementor-section-height-default elementor-section-height-default\" data-id=\"d8c9770\" data-element_type=\"section\" data-e-type=\"section\">\n\t\t\t\t\t\t<div class=\"elementor-container elementor-column-gap-no\">\n\t\t\t\t\t<div class=\"elementor-column elementor-col-50 elementor-inner-column elementor-element elementor-element-12d19ae\" data-id=\"12d19ae\" data-element_type=\"column\" data-e-type=\"column\">\n\t\t\t<div class=\"elementor-widget-wrap elementor-element-populated\">\n\t\t\t\t\t\t<div class=\"elementor-element elementor-element-46a63f1 elementor-widget elementor-widget-heading\" data-id=\"46a63f1\" data-element_type=\"widget\" data-e-type=\"widget\" data-widget_type=\"heading.default\">\n\t\t\t\t<div class=\"elementor-widget-container\">\n\t\t\t\t\t<h2 class=\"elementor-heading-title elementor-size-default\">Responsabilidad social<\/h2>\t\t\t\t<\/div>\n\t\t\t\t<\/div>\n\t\t\t\t<div class=\"elementor-element elementor-element-255046e elementor-widget elementor-widget-text-editor\" data-id=\"255046e\" data-element_type=\"widget\" data-e-type=\"widget\" data-widget_type=\"text-editor.default\">\n\t\t\t\t<div class=\"elementor-widget-container\">\n\t\t\t\t\t\t\t\t\t<p class=\"p1\">Para OMA la Responsabilidad Social implica un compromiso expreso con el bienestar de nuestros colaboradores y sus familias, las comunidades en donde operamos, nuestros clientes, socios de negocios, y el cuidado del medio ambiente. Esta visi\u00f3n se materializa en un conjunto coherente de pol\u00edticas, pr\u00e1cticas y acciones que son incorporadas en todas las operaciones y procesos.<\/p>\t\t\t\t\t\t\t\t<\/div>\n\t\t\t\t<\/div>\n\t\t\t\t\t<\/div>\n\t\t<\/div>\n\t\t\t\t<div class=\"elementor-column elementor-col-50 elementor-inner-column elementor-element elementor-element-95b2b3e\" data-id=\"95b2b3e\" data-element_type=\"column\" data-e-type=\"column\">\n\t\t\t<div class=\"elementor-widget-wrap\">\n\t\t\t\t\t\t\t<\/div>\n\t\t<\/div>\n\t\t\t\t\t<\/div>\n\t\t<\/section>\n\t\t\t\t<div class=\"elementor-element elementor-element-8499366 elementor-hidden-desktop elementor-hidden-tablet elementor-hidden-mobile elementor-widget elementor-widget-image\" data-id=\"8499366\" data-element_type=\"widget\" data-e-type=\"widget\" data-widget_type=\"image.default\">\n\t\t\t\t<div class=\"elementor-widget-container\">\n\t\t\t\t\t\t\t\t\t\t\t\t\t\t\t<img decoding=\"async\" width=\"673\" height=\"536\" src=\"https:\/\/esg.oma.aero\/wp-content\/uploads\/2023\/12\/Esquema_responsabilidad_social.svg\" class=\"attachment-full size-full wp-image-15103\" alt=\"\" \/>\t\t\t\t\t\t\t\t\t\t\t\t\t\t\t<\/div>\n\t\t\t\t<\/div>\n\t\t\t\t\t<\/div>\n\t\t<\/div>\n\t\t\t\t\t<\/div>\n\t\t<\/section>\n\t\t\t\t<section class=\"elementor-section elementor-top-section elementor-element elementor-element-eb98ac1 elementor-section-content-top elementor-section-boxed elementor-section-height-default elementor-section-height-default\" data-id=\"eb98ac1\" data-element_type=\"section\" data-e-type=\"section\" data-settings=\"{&quot;background_background&quot;:&quot;classic&quot;}\">\n\t\t\t\t\t\t<div class=\"elementor-container elementor-column-gap-default\">\n\t\t\t\t\t<div class=\"elementor-column elementor-col-100 elementor-top-column elementor-element elementor-element-676a59d\" data-id=\"676a59d\" data-element_type=\"column\" data-e-type=\"column\">\n\t\t\t<div class=\"elementor-widget-wrap elementor-element-populated\">\n\t\t\t\t\t\t<div class=\"elementor-element elementor-element-2f212ac elementor-widget elementor-widget-heading\" data-id=\"2f212ac\" data-element_type=\"widget\" data-e-type=\"widget\" data-widget_type=\"heading.default\">\n\t\t\t\t<div class=\"elementor-widget-container\">\n\t\t\t\t\t<h1 class=\"elementor-heading-title elementor-size-default\">Informes de sostenibilidad<\/h1>\t\t\t\t<\/div>\n\t\t\t\t<\/div>\n\t\t\t\t\t<\/div>\n\t\t<\/div>\n\t\t\t\t\t<\/div>\n\t\t<\/section>\n\t\t\t\t<section class=\"elementor-section elementor-top-section elementor-element elementor-element-b0d2a4a elementor-section-boxed elementor-section-height-default elementor-section-height-default\" data-id=\"b0d2a4a\" data-element_type=\"section\" data-e-type=\"section\" data-settings=\"{&quot;background_background&quot;:&quot;classic&quot;}\">\n\t\t\t\t\t\t<div class=\"elementor-container elementor-column-gap-default\">\n\t\t\t\t\t<div class=\"elementor-column elementor-col-25 elementor-top-column elementor-element elementor-element-0c731ef\" data-id=\"0c731ef\" data-element_type=\"column\" data-e-type=\"column\">\n\t\t\t<div class=\"elementor-widget-wrap elementor-element-populated\">\n\t\t\t\t\t\t<div class=\"elementor-element elementor-element-31d1c8e elementor-widget elementor-widget-image\" data-id=\"31d1c8e\" data-element_type=\"widget\" data-e-type=\"widget\" data-widget_type=\"image.default\">\n\t\t\t\t<div class=\"elementor-widget-container\">\n\t\t\t\t\t\t\t\t\t\t\t\t\t\t\t<img decoding=\"async\" width=\"800\" height=\"499\" src=\"https:\/\/esg.oma.aero\/wp-content\/uploads\/2025\/09\/Portada-reporte-de-sostenibilidad-2024-espanol.jpg\" class=\"attachment-large size-large wp-image-16022\" alt=\"\" srcset=\"https:\/\/esg.oma.aero\/wp-content\/uploads\/2025\/09\/Portada-reporte-de-sostenibilidad-2024-espanol.jpg 1024w, https:\/\/esg.oma.aero\/wp-content\/uploads\/2025\/09\/Portada-reporte-de-sostenibilidad-2024-espanol-300x187.jpg 300w, https:\/\/esg.oma.aero\/wp-content\/uploads\/2025\/09\/Portada-reporte-de-sostenibilidad-2024-espanol-768x479.jpg 768w, https:\/\/esg.oma.aero\/wp-content\/uploads\/2025\/09\/Portada-reporte-de-sostenibilidad-2024-espanol-18x12.jpg 18w\" sizes=\"(max-width: 800px) 100vw, 800px\" \/>\t\t\t\t\t\t\t\t\t\t\t\t\t\t\t<\/div>\n\t\t\t\t<\/div>\n\t\t\t\t<div class=\"elementor-element elementor-element-75fc05a elementor-widget elementor-widget-heading\" data-id=\"75fc05a\" data-element_type=\"widget\" data-e-type=\"widget\" data-widget_type=\"heading.default\">\n\t\t\t\t<div class=\"elementor-widget-container\">\n\t\t\t\t\t<h2 class=\"elementor-heading-title elementor-size-default\"><a href=\"https:\/\/ir.oma.aero\/wp-content\/uploads\/2025\/08\/OMA_Reporte_de_Sostenibilidad_2024_vf-1.pdf\">2024<\/a><\/h2>\t\t\t\t<\/div>\n\t\t\t\t<\/div>\n\t\t\t\t\t<\/div>\n\t\t<\/div>\n\t\t\t\t<div class=\"elementor-column elementor-col-25 elementor-top-column elementor-element elementor-element-6aa4944\" data-id=\"6aa4944\" data-element_type=\"column\" data-e-type=\"column\">\n\t\t\t<div class=\"elementor-widget-wrap elementor-element-populated\">\n\t\t\t\t\t\t<div class=\"elementor-element elementor-element-210c3c5 elementor-widget elementor-widget-image\" data-id=\"210c3c5\" data-element_type=\"widget\" data-e-type=\"widget\" data-widget_type=\"image.default\">\n\t\t\t\t<div class=\"elementor-widget-container\">\n\t\t\t\t\t\t\t\t\t\t\t\t\t\t\t<img loading=\"lazy\" decoding=\"async\" width=\"327\" height=\"204\" src=\"https:\/\/esg.oma.aero\/wp-content\/uploads\/2024\/07\/informe-10.jpg\" class=\"attachment-large size-large wp-image-15962\" alt=\"\" srcset=\"https:\/\/esg.oma.aero\/wp-content\/uploads\/2024\/07\/informe-10.jpg 327w, https:\/\/esg.oma.aero\/wp-content\/uploads\/2024\/07\/informe-10-300x187.jpg 300w, https:\/\/esg.oma.aero\/wp-content\/uploads\/2024\/07\/informe-10-18x12.jpg 18w\" sizes=\"(max-width: 327px) 100vw, 327px\" \/>\t\t\t\t\t\t\t\t\t\t\t\t\t\t\t<\/div>\n\t\t\t\t<\/div>\n\t\t\t\t<div class=\"elementor-element elementor-element-baca196 elementor-widget elementor-widget-heading\" data-id=\"baca196\" data-element_type=\"widget\" data-e-type=\"widget\" data-widget_type=\"heading.default\">\n\t\t\t\t<div class=\"elementor-widget-container\">\n\t\t\t\t\t<h2 class=\"elementor-heading-title elementor-size-default\"><a href=\"https:\/\/www.oma.aero\/assets\/001\/5054.pdf\">2023<\/a><\/h2>\t\t\t\t<\/div>\n\t\t\t\t<\/div>\n\t\t\t\t\t<\/div>\n\t\t<\/div>\n\t\t\t\t<div class=\"elementor-column elementor-col-25 elementor-top-column elementor-element elementor-element-15bbc0f\" data-id=\"15bbc0f\" data-element_type=\"column\" data-e-type=\"column\">\n\t\t\t<div class=\"elementor-widget-wrap elementor-element-populated\">\n\t\t\t\t\t\t<div class=\"elementor-element elementor-element-58d5f6e elementor-widget elementor-widget-image\" data-id=\"58d5f6e\" data-element_type=\"widget\" data-e-type=\"widget\" data-widget_type=\"image.default\">\n\t\t\t\t<div class=\"elementor-widget-container\">\n\t\t\t\t\t\t\t\t\t\t\t\t\t\t\t<img loading=\"lazy\" decoding=\"async\" width=\"327\" height=\"204\" src=\"https:\/\/esg.oma.aero\/wp-content\/uploads\/2023\/12\/informe-1.jpg\" class=\"attachment-large size-large wp-image-15112\" alt=\"\" srcset=\"https:\/\/esg.oma.aero\/wp-content\/uploads\/2023\/12\/informe-1.jpg 327w, https:\/\/esg.oma.aero\/wp-content\/uploads\/2023\/12\/informe-1-300x187.jpg 300w, https:\/\/esg.oma.aero\/wp-content\/uploads\/2023\/12\/informe-1-18x12.jpg 18w\" sizes=\"(max-width: 327px) 100vw, 327px\" \/>\t\t\t\t\t\t\t\t\t\t\t\t\t\t\t<\/div>\n\t\t\t\t<\/div>\n\t\t\t\t<div class=\"elementor-element elementor-element-69304d2 elementor-widget elementor-widget-heading\" data-id=\"69304d2\" data-element_type=\"widget\" data-e-type=\"widget\" data-widget_type=\"heading.default\">\n\t\t\t\t<div class=\"elementor-widget-container\">\n\t\t\t\t\t<h2 class=\"elementor-heading-title elementor-size-default\"><a href=\"https:\/\/www.oma.aero\/assets\/003\/6122.pdf\">2022<\/a><\/h2>\t\t\t\t<\/div>\n\t\t\t\t<\/div>\n\t\t\t\t\t<\/div>\n\t\t<\/div>\n\t\t\t\t<div class=\"elementor-column elementor-col-25 elementor-top-column elementor-element elementor-element-2daf08b\" data-id=\"2daf08b\" data-element_type=\"column\" data-e-type=\"column\">\n\t\t\t<div class=\"elementor-widget-wrap elementor-element-populated\">\n\t\t\t\t\t\t<div class=\"elementor-element elementor-element-963092f elementor-widget elementor-widget-image\" data-id=\"963092f\" data-element_type=\"widget\" data-e-type=\"widget\" data-widget_type=\"image.default\">\n\t\t\t\t<div class=\"elementor-widget-container\">\n\t\t\t\t\t\t\t\t\t\t\t\t\t\t\t<img loading=\"lazy\" decoding=\"async\" width=\"326\" height=\"204\" src=\"https:\/\/esg.oma.aero\/wp-content\/uploads\/2024\/01\/informe-2.jpg\" class=\"attachment-large size-large wp-image-15570\" alt=\"\" srcset=\"https:\/\/esg.oma.aero\/wp-content\/uploads\/2024\/01\/informe-2.jpg 326w, https:\/\/esg.oma.aero\/wp-content\/uploads\/2024\/01\/informe-2-300x188.jpg 300w, https:\/\/esg.oma.aero\/wp-content\/uploads\/2024\/01\/informe-2-18x12.jpg 18w\" sizes=\"(max-width: 326px) 100vw, 326px\" \/>\t\t\t\t\t\t\t\t\t\t\t\t\t\t\t<\/div>\n\t\t\t\t<\/div>\n\t\t\t\t<div class=\"elementor-element elementor-element-11dc1d9 elementor-widget elementor-widget-heading\" data-id=\"11dc1d9\" data-element_type=\"widget\" data-e-type=\"widget\" data-widget_type=\"heading.default\">\n\t\t\t\t<div class=\"elementor-widget-container\">\n\t\t\t\t\t<h2 class=\"elementor-heading-title elementor-size-default\"><a href=\"https:\/\/www.oma.aero\/assets\/002\/5685.pdf\">2017<\/a><\/h2>\t\t\t\t<\/div>\n\t\t\t\t<\/div>\n\t\t\t\t\t<\/div>\n\t\t<\/div>\n\t\t\t\t\t<\/div>\n\t\t<\/section>\n\t\t\t\t<\/div>\n\t\t","protected":false},"excerpt":{"rendered":"<p>Compromiso Los compromisos\u00a0de sostenibilidad de OMA est\u00e1n contenidos tanto en la Pol\u00edtica como en la Estrategia de Sostenibilidad. Dentro de estos lineamientos se han definido los principios b\u00e1sicos de nuestro actuar: gobierno corporativo, gesti\u00f3n social y medio ambiente (energ\u00eda, aire, agua, contaminaci\u00f3n, uso del suelo y gesti\u00f3n de la biodiversidad).\u00a0 Nuestros pilares de sostenibilidad Contamos [&hellip;]<\/p>\n","protected":false},"author":15,"featured_media":15105,"parent":0,"menu_order":0,"comment_status":"closed","ping_status":"closed","template":"elementor_header_footer","meta":{"footnotes":""},"class_list":["post-14751","page","type-page","status-publish","has-post-thumbnail","hentry"],"_links":{"self":[{"href":"https:\/\/esg.oma.aero\/es\/wp-json\/wp\/v2\/pages\/14751","targetHints":{"allow":["GET"]}}],"collection":[{"href":"https:\/\/esg.oma.aero\/es\/wp-json\/wp\/v2\/pages"}],"about":[{"href":"https:\/\/esg.oma.aero\/es\/wp-json\/wp\/v2\/types\/page"}],"author":[{"embeddable":true,"href":"https:\/\/esg.oma.aero\/es\/wp-json\/wp\/v2\/users\/15"}],"replies":[{"embeddable":true,"href":"https:\/\/esg.oma.aero\/es\/wp-json\/wp\/v2\/comments?post=14751"}],"version-history":[{"count":0,"href":"https:\/\/esg.oma.aero\/es\/wp-json\/wp\/v2\/pages\/14751\/revisions"}],"wp:featuredmedia":[{"embeddable":true,"href":"https:\/\/esg.oma.aero\/es\/wp-json\/wp\/v2\/media\/15105"}],"wp:attachment":[{"href":"https:\/\/esg.oma.aero\/es\/wp-json\/wp\/v2\/media?parent=14751"}],"curies":[{"name":"wp","href":"https:\/\/api.w.org\/{rel}","templated":true}]}}